{"id":1249,"date":"2016-09-27T15:16:12","date_gmt":"2016-09-27T13:16:12","guid":{"rendered":"http:\/\/reitbauernhof.com.w015030a.kasserver.com\/wp-content\/uploads\/winterurlaub-skiurlaub-grossarl-ski-amade-01.jpg"},"modified":"2016-09-27T15:16:12","modified_gmt":"2016-09-27T13:16:12","slug":"winterurlaub-skiurlaub-grossarl-ski-amade-01-2","status":"inherit","type":"attachment","link":"https:\/\/www.reitbauernhof.com\/en\/ski-holiday-grossarl-ski-amade\/winterurlaub-skiurlaub-grossarl-ski-amade-01-2\/","title":{"rendered":"Winterurlaub &#038; Skiurlaub in Gro\u00dfarl &#8211; Ski amad\u00e9 &#8211; Reitbauernhof &#8211; Eisstockschie\u00dfen"},"author":1,"featured_media":0,"comment_status":"closed","ping_status":"closed","template":"","meta":[],"class_list":["post-1249","attachment","type-attachment","status-inherit","hentry"],"yoast_head":"<!-- This site is optimized with the Yoast SEO plugin v27.4 - https:\/\/yoast.com\/product\/yoast-seo-wordpress\/ -->\n<title>Winterurlaub &amp; Skiurlaub in Gro\u00dfarl - Ski amad\u00e9 - Reitbauernhof - Eisstockschie\u00dfen - Reitbauernhof Gro\u00dfarl<\/title>\n<meta name=\"robots\" content=\"index, follow, max-snippet:-1, max-image-preview:large, max-video-preview:-1\" \/>\n<link rel=\"canonical\" href=\"https:\/\/www.reitbauernhof.com\/wp-content\/uploads\/winterurlaub-skiurlaub-grossarl-ski-amade-01.jpg\" \/>\n<meta property=\"og:locale\" content=\"en_US\" \/>\n<meta property=\"og:type\" content=\"article\" \/>\n<meta property=\"og:title\" content=\"Winterurlaub &amp; Skiurlaub in Gro\u00dfarl - Ski amad\u00e9 - Reitbauernhof - Eisstockschie\u00dfen - Reitbauernhof Gro\u00dfarl\" \/>\n<meta property=\"og:url\" content=\"https:\/\/www.reitbauernhof.com\/wp-content\/uploads\/winterurlaub-skiurlaub-grossarl-ski-amade-01.jpg\" \/>\n<meta property=\"og:site_name\" content=\"Reitbauernhof Gro\u00dfarl\" \/>\n<meta property=\"og:image\" content=\"https:\/\/www.reitbauernhof.com\/wp-content\/uploads\/winterurlaub-skiurlaub-grossarl-ski-amade-01.jpg\" \/>\n\t<meta property=\"og:image:width\" content=\"1200\" \/>\n\t<meta property=\"og:image:height\" content=\"800\" \/>\n\t<meta property=\"og:image:type\" content=\"image\/jpeg\" \/>\n<script type=\"application\/ld+json\" class=\"yoast-schema-graph\">{\"@context\":\"https:\\\/\\\/schema.org\",\"@graph\":[{\"@type\":\"WebPage\",\"@id\":\"https:\\\/\\\/www.reitbauernhof.com\\\/wp-content\\\/uploads\\\/winterurlaub-skiurlaub-grossarl-ski-amade-01.jpg\",\"url\":\"https:\\\/\\\/www.reitbauernhof.com\\\/wp-content\\\/uploads\\\/winterurlaub-skiurlaub-grossarl-ski-amade-01.jpg\",\"name\":\"Winterurlaub & Skiurlaub in Gro\u00dfarl - Ski amad\u00e9 - Reitbauernhof - Eisstockschie\u00dfen - Reitbauernhof Gro\u00dfarl\",\"isPartOf\":{\"@id\":\"https:\\\/\\\/www.reitbauernhof.com\\\/en\\\/#website\"},\"datePublished\":\"2016-09-27T13:16:12+00:00\",\"breadcrumb\":{\"@id\":\"https:\\\/\\\/www.reitbauernhof.com\\\/wp-content\\\/uploads\\\/winterurlaub-skiurlaub-grossarl-ski-amade-01.jpg#breadcrumb\"},\"inLanguage\":\"en-US\",\"potentialAction\":[{\"@type\":\"ReadAction\",\"target\":[\"https:\\\/\\\/www.reitbauernhof.com\\\/wp-content\\\/uploads\\\/winterurlaub-skiurlaub-grossarl-ski-amade-01.jpg\"]}]},{\"@type\":\"BreadcrumbList\",\"@id\":\"https:\\\/\\\/www.reitbauernhof.com\\\/wp-content\\\/uploads\\\/winterurlaub-skiurlaub-grossarl-ski-amade-01.jpg#breadcrumb\",\"itemListElement\":[{\"@type\":\"ListItem\",\"position\":1,\"name\":\"Startseite\",\"item\":\"https:\\\/\\\/www.reitbauernhof.com\\\/en\\\/\"},{\"@type\":\"ListItem\",\"position\":2,\"name\":\"Alpine Winter\",\"item\":\"https:\\\/\\\/www.reitbauernhof.com\\\/en\\\/ski-holiday-grossarl-ski-amade\\\/\"},{\"@type\":\"ListItem\",\"position\":3,\"name\":\"Winterurlaub &#038; Skiurlaub in Gro\u00dfarl &#8211; Ski amad\u00e9 &#8211; Reitbauernhof &#8211; Eisstockschie\u00dfen\"}]},{\"@type\":\"WebSite\",\"@id\":\"https:\\\/\\\/www.reitbauernhof.com\\\/en\\\/#website\",\"url\":\"https:\\\/\\\/www.reitbauernhof.com\\\/en\\\/\",\"name\":\"Reitbauernhof Gro\u00dfarl\",\"description\":\"Urlaub am Bauernhof in Gro\u00dfarl\",\"potentialAction\":[{\"@type\":\"SearchAction\",\"target\":{\"@type\":\"EntryPoint\",\"urlTemplate\":\"https:\\\/\\\/www.reitbauernhof.com\\\/en\\\/?s={search_term_string}\"},\"query-input\":{\"@type\":\"PropertyValueSpecification\",\"valueRequired\":true,\"valueName\":\"search_term_string\"}}],\"inLanguage\":\"en-US\"}]}<\/script>\n<!-- \/ Yoast SEO plugin. -->","yoast_head_json":{"title":"Winterurlaub & Skiurlaub in Gro\u00dfarl - Ski amad\u00e9 - Reitbauernhof - Eisstockschie\u00dfen - Reitbauernhof Gro\u00dfarl","robots":{"index":"index","follow":"follow","max-snippet":"max-snippet:-1","max-image-preview":"max-image-preview:large","max-video-preview":"max-video-preview:-1"},"canonical":"https:\/\/www.reitbauernhof.com\/wp-content\/uploads\/winterurlaub-skiurlaub-grossarl-ski-amade-01.jpg","og_locale":"en_US","og_type":"article","og_title":"Winterurlaub & Skiurlaub in Gro\u00dfarl - Ski amad\u00e9 - Reitbauernhof - Eisstockschie\u00dfen - Reitbauernhof Gro\u00dfarl","og_url":"https:\/\/www.reitbauernhof.com\/wp-content\/uploads\/winterurlaub-skiurlaub-grossarl-ski-amade-01.jpg","og_site_name":"Reitbauernhof Gro\u00dfarl","og_image":[{"width":1200,"height":800,"url":"https:\/\/www.reitbauernhof.com\/wp-content\/uploads\/winterurlaub-skiurlaub-grossarl-ski-amade-01.jpg","type":"image\/jpeg"}],"schema":{"@context":"https:\/\/schema.org","@graph":[{"@type":"WebPage","@id":"https:\/\/www.reitbauernhof.com\/wp-content\/uploads\/winterurlaub-skiurlaub-grossarl-ski-amade-01.jpg","url":"https:\/\/www.reitbauernhof.com\/wp-content\/uploads\/winterurlaub-skiurlaub-grossarl-ski-amade-01.jpg","name":"Winterurlaub & Skiurlaub in Gro\u00dfarl - Ski amad\u00e9 - Reitbauernhof - Eisstockschie\u00dfen - Reitbauernhof Gro\u00dfarl","isPartOf":{"@id":"https:\/\/www.reitbauernhof.com\/en\/#website"},"datePublished":"2016-09-27T13:16:12+00:00","breadcrumb":{"@id":"https:\/\/www.reitbauernhof.com\/wp-content\/uploads\/winterurlaub-skiurlaub-grossarl-ski-amade-01.jpg#breadcrumb"},"inLanguage":"en-US","potentialAction":[{"@type":"ReadAction","target":["https:\/\/www.reitbauernhof.com\/wp-content\/uploads\/winterurlaub-skiurlaub-grossarl-ski-amade-01.jpg"]}]},{"@type":"BreadcrumbList","@id":"https:\/\/www.reitbauernhof.com\/wp-content\/uploads\/winterurlaub-skiurlaub-grossarl-ski-amade-01.jpg#breadcrumb","itemListElement":[{"@type":"ListItem","position":1,"name":"Startseite","item":"https:\/\/www.reitbauernhof.com\/en\/"},{"@type":"ListItem","position":2,"name":"Alpine Winter","item":"https:\/\/www.reitbauernhof.com\/en\/ski-holiday-grossarl-ski-amade\/"},{"@type":"ListItem","position":3,"name":"Winterurlaub &#038; Skiurlaub in Gro\u00dfarl &#8211; Ski amad\u00e9 &#8211; Reitbauernhof &#8211; Eisstockschie\u00dfen"}]},{"@type":"WebSite","@id":"https:\/\/www.reitbauernhof.com\/en\/#website","url":"https:\/\/www.reitbauernhof.com\/en\/","name":"Reitbauernhof Gro\u00dfarl","description":"Urlaub am Bauernhof in Gro\u00dfarl","potentialAction":[{"@type":"SearchAction","target":{"@type":"EntryPoint","urlTemplate":"https:\/\/www.reitbauernhof.com\/en\/?s={search_term_string}"},"query-input":{"@type":"PropertyValueSpecification","valueRequired":true,"valueName":"search_term_string"}}],"inLanguage":"en-US"}]}},"smush":{"stats":{"percent":27.39195643155733961293663014657795429229736328125,"bytes":128760,"size_before":470065,"size_after":341305,"time":1.850000000000000088817841970012523233890533447265625,"api_version":"1.0","lossy":true,"keep_exif":0},"sizes":{"thumbnail":{"percent":30.219999999999998863131622783839702606201171875,"bytes":3649,"size_before":12075,"size_after":8426,"time":0.11000000000000000055511151231257827021181583404541015625},"medium":{"percent":27.89999999999999857891452847979962825775146484375,"bytes":8419,"size_before":30181,"size_after":21762,"time":0.1700000000000000122124532708767219446599483489990234375},"medium_large":{"percent":26.6099999999999994315658113919198513031005859375,"bytes":13985,"size_before":52559,"size_after":38574,"time":0.179999999999999993338661852249060757458209991455078125},"large":{"percent":26.449999999999999289457264239899814128875732421875,"bytes":22510,"size_before":85119,"size_after":62609,"time":0.429999999999999993338661852249060757458209991455078125},"post-thumbnail":{"percent":26.730000000000000426325641456060111522674560546875,"bytes":13988,"size_before":52327,"size_after":38339,"time":0.1600000000000000033306690738754696212708950042724609375},"small":{"percent":28.530000000000001136868377216160297393798828125,"bytes":4941,"size_before":17319,"size_after":12378,"time":0.05000000000000000277555756156289135105907917022705078125},"big":{"percent":26.370000000000000994759830064140260219573974609375,"bytes":26735,"size_before":101371,"size_after":74636,"time":0.340000000000000024424906541753443889319896697998046875},"full":{"percent":28.989999999999998436805981327779591083526611328125,"bytes":34533,"size_before":119114,"size_after":84581,"time":0.409999999999999975575093458246556110680103302001953125}}},"description":{"rendered":"<p class=\"attachment\"><a href='https:\/\/www.reitbauernhof.com\/wp-content\/uploads\/winterurlaub-skiurlaub-grossarl-ski-amade-01.jpg' title=\"\" data-rl_title=\"\" class=\"rl-gallery-link\" data-rl_caption=\"\" data-rel=\"lightbox-gallery-0\"><img decoding=\"async\" width=\"550\" height=\"367\" src=\"https:\/\/www.reitbauernhof.com\/wp-content\/uploads\/winterurlaub-skiurlaub-grossarl-ski-amade-01-550x367.jpg\" class=\"attachment-medium size-medium\" alt=\"\" srcset=\"https:\/\/www.reitbauernhof.com\/wp-content\/uploads\/winterurlaub-skiurlaub-grossarl-ski-amade-01-550x367.jpg 550w, https:\/\/www.reitbauernhof.com\/wp-content\/uploads\/winterurlaub-skiurlaub-grossarl-ski-amade-01-768x512.jpg 768w, https:\/\/www.reitbauernhof.com\/wp-content\/uploads\/winterurlaub-skiurlaub-grossarl-ski-amade-01-1024x683.jpg 1024w, https:\/\/www.reitbauernhof.com\/wp-content\/uploads\/winterurlaub-skiurlaub-grossarl-ski-amade-01-765x510.jpg 765w, https:\/\/www.reitbauernhof.com\/wp-content\/uploads\/winterurlaub-skiurlaub-grossarl-ski-amade-01-390x260.jpg 390w, https:\/\/www.reitbauernhof.com\/wp-content\/uploads\/winterurlaub-skiurlaub-grossarl-ski-amade-01-250x167.jpg 250w, https:\/\/www.reitbauernhof.com\/wp-content\/uploads\/winterurlaub-skiurlaub-grossarl-ski-amade-01-600x400.jpg 600w, https:\/\/www.reitbauernhof.com\/wp-content\/uploads\/winterurlaub-skiurlaub-grossarl-ski-amade-01-1140x760.jpg 1140w, https:\/\/www.reitbauernhof.com\/wp-content\/uploads\/winterurlaub-skiurlaub-grossarl-ski-amade-01.jpg 1200w\" sizes=\"(max-width: 550px) 100vw, 550px\" \/><\/a><\/p>\n"},"caption":{"rendered":"\n<p><a class=\"readmore btn btn-default btn-default btn-block\" href=\"https:\/\/www.reitbauernhof.com\/en\/ski-holiday-grossarl-ski-amade\/winterurlaub-skiurlaub-grossarl-ski-amade-01-2\/\">Read More<\/a><\/p>"},"alt_text":"","media_type":"image","mime_type":"image\/jpeg","media_details":{"width":1200,"height":800,"file":"winterurlaub-skiurlaub-grossarl-ski-amade-01.jpg","sizes":{"thumbnail":{"file":"winterurlaub-skiurlaub-grossarl-ski-amade-01-250x250.jpg","width":250,"height":250,"mime_type":"image\/jpeg","source_url":"https:\/\/www.reitbauernhof.com\/wp-content\/uploads\/winterurlaub-skiurlaub-grossarl-ski-amade-01-250x250.jpg"},"medium":{"file":"winterurlaub-skiurlaub-grossarl-ski-amade-01-550x367.jpg","width":550,"height":367,"mime_type":"image\/jpeg","source_url":"https:\/\/www.reitbauernhof.com\/wp-content\/uploads\/winterurlaub-skiurlaub-grossarl-ski-amade-01-550x367.jpg"},"medium_large":{"file":"winterurlaub-skiurlaub-grossarl-ski-amade-01-768x512.jpg","width":768,"height":512,"mime_type":"image\/jpeg","source_url":"https:\/\/www.reitbauernhof.com\/wp-content\/uploads\/winterurlaub-skiurlaub-grossarl-ski-amade-01-768x512.jpg"},"large":{"file":"winterurlaub-skiurlaub-grossarl-ski-amade-01-1024x683.jpg","width":1024,"height":683,"mime_type":"image\/jpeg","source_url":"https:\/\/www.reitbauernhof.com\/wp-content\/uploads\/winterurlaub-skiurlaub-grossarl-ski-amade-01-1024x683.jpg"},"post-thumbnail":{"file":"winterurlaub-skiurlaub-grossarl-ski-amade-01-765x510.jpg","width":765,"height":510,"mime_type":"image\/jpeg","source_url":"https:\/\/www.reitbauernhof.com\/wp-content\/uploads\/winterurlaub-skiurlaub-grossarl-ski-amade-01-765x510.jpg"},"small":{"file":"winterurlaub-skiurlaub-grossarl-ski-amade-01-390x260.jpg","width":390,"height":260,"mime_type":"image\/jpeg","source_url":"https:\/\/www.reitbauernhof.com\/wp-content\/uploads\/winterurlaub-skiurlaub-grossarl-ski-amade-01-390x260.jpg"},"port-thumb":{"file":"winterurlaub-skiurlaub-grossarl-ski-amade-01-250x167.jpg","width":250,"height":167,"mime_type":"image\/jpeg","source_url":"https:\/\/www.reitbauernhof.com\/wp-content\/uploads\/winterurlaub-skiurlaub-grossarl-ski-amade-01-250x167.jpg"},"port-full":{"file":"winterurlaub-skiurlaub-grossarl-ski-amade-01-600x400.jpg","width":600,"height":400,"mime_type":"image\/jpeg","source_url":"https:\/\/www.reitbauernhof.com\/wp-content\/uploads\/winterurlaub-skiurlaub-grossarl-ski-amade-01-600x400.jpg"},"big":{"file":"winterurlaub-skiurlaub-grossarl-ski-amade-01-1140x760.jpg","width":1140,"height":760,"mime_type":"image\/jpeg","source_url":"https:\/\/www.reitbauernhof.com\/wp-content\/uploads\/winterurlaub-skiurlaub-grossarl-ski-amade-01-1140x760.jpg"},"full":{"file":"winterurlaub-skiurlaub-grossarl-ski-amade-01.jpg","width":1200,"height":800,"mime_type":"image\/jpeg","source_url":"https:\/\/www.reitbauernhof.com\/wp-content\/uploads\/winterurlaub-skiurlaub-grossarl-ski-amade-01.jpg"}},"image_meta":{"aperture":"0","credit":"","camera":"","caption":"","created_timestamp":"0","copyright":"","focal_length":"0","iso":"0","shutter_speed":"0","title":"","orientation":"0","keywords":[]}},"post":1248,"source_url":"https:\/\/www.reitbauernhof.com\/wp-content\/uploads\/winterurlaub-skiurlaub-grossarl-ski-amade-01.jpg","_links":{"self":[{"href":"https:\/\/www.reitbauernhof.com\/en\/wp-json\/wp\/v2\/media\/1249","targetHints":{"allow":["GET"]}}],"collection":[{"href":"https:\/\/www.reitbauernhof.com\/en\/wp-json\/wp\/v2\/media"}],"about":[{"href":"https:\/\/www.reitbauernhof.com\/en\/wp-json\/wp\/v2\/types\/attachment"}],"author":[{"embeddable":true,"href":"https:\/\/www.reitbauernhof.com\/en\/wp-json\/wp\/v2\/users\/1"}],"wp:attached-to":[{"embeddable":true,"post_type":"page","id":1248,"href":"https:\/\/www.reitbauernhof.com\/en\/wp-json\/wp\/v2\/pages\/1248"}],"curies":[{"name":"wp","href":"https:\/\/api.w.org\/{rel}","templated":true}]}}