{"id":1253,"date":"2016-09-27T15:16:20","date_gmt":"2016-09-27T13:16:20","guid":{"rendered":"http:\/\/reitbauernhof.com.w015030a.kasserver.com\/wp-content\/uploads\/winterurlaub-skiurlaub-grossarl-ski-amade-06.jpg"},"modified":"2016-09-27T15:16:20","modified_gmt":"2016-09-27T13:16:20","slug":"winterurlaub-skiurlaub-grossarl-ski-amade-06-2","status":"inherit","type":"attachment","link":"https:\/\/www.reitbauernhof.com\/en\/ski-holiday-grossarl-ski-amade\/winterurlaub-skiurlaub-grossarl-ski-amade-06-2\/","title":{"rendered":"Winterurlaub &#038; Skiurlaub in Gro\u00dfarl &#8211; Ski amad\u00e9 &#8211; Reitbauernhof &#8211; Winterwandern"},"author":1,"featured_media":0,"comment_status":"closed","ping_status":"closed","template":"","meta":[],"class_list":["post-1253","attachment","type-attachment","status-inherit","hentry"],"yoast_head":"<!-- This site is optimized with the Yoast SEO plugin v27.4 - https:\/\/yoast.com\/product\/yoast-seo-wordpress\/ -->\n<title>Winterurlaub &amp; Skiurlaub in Gro\u00dfarl - Ski amad\u00e9 - Reitbauernhof - Winterwandern - Reitbauernhof Gro\u00dfarl<\/title>\n<meta name=\"robots\" content=\"index, follow, max-snippet:-1, max-image-preview:large, max-video-preview:-1\" \/>\n<link rel=\"canonical\" href=\"https:\/\/www.reitbauernhof.com\/wp-content\/uploads\/winterurlaub-skiurlaub-grossarl-ski-amade-06.jpg\" \/>\n<meta property=\"og:locale\" content=\"en_US\" \/>\n<meta property=\"og:type\" content=\"article\" \/>\n<meta property=\"og:title\" content=\"Winterurlaub &amp; Skiurlaub in Gro\u00dfarl - Ski amad\u00e9 - Reitbauernhof - Winterwandern - Reitbauernhof Gro\u00dfarl\" \/>\n<meta property=\"og:url\" content=\"https:\/\/www.reitbauernhof.com\/wp-content\/uploads\/winterurlaub-skiurlaub-grossarl-ski-amade-06.jpg\" \/>\n<meta property=\"og:site_name\" content=\"Reitbauernhof Gro\u00dfarl\" \/>\n<meta property=\"og:image\" content=\"https:\/\/www.reitbauernhof.com\/wp-content\/uploads\/winterurlaub-skiurlaub-grossarl-ski-amade-06.jpg\" \/>\n\t<meta property=\"og:image:width\" content=\"1200\" \/>\n\t<meta property=\"og:image:height\" content=\"800\" \/>\n\t<meta property=\"og:image:type\" content=\"image\/jpeg\" \/>\n<script type=\"application\/ld+json\" class=\"yoast-schema-graph\">{\"@context\":\"https:\\\/\\\/schema.org\",\"@graph\":[{\"@type\":\"WebPage\",\"@id\":\"https:\\\/\\\/www.reitbauernhof.com\\\/wp-content\\\/uploads\\\/winterurlaub-skiurlaub-grossarl-ski-amade-06.jpg\",\"url\":\"https:\\\/\\\/www.reitbauernhof.com\\\/wp-content\\\/uploads\\\/winterurlaub-skiurlaub-grossarl-ski-amade-06.jpg\",\"name\":\"Winterurlaub & Skiurlaub in Gro\u00dfarl - Ski amad\u00e9 - Reitbauernhof - Winterwandern - Reitbauernhof Gro\u00dfarl\",\"isPartOf\":{\"@id\":\"https:\\\/\\\/www.reitbauernhof.com\\\/en\\\/#website\"},\"datePublished\":\"2016-09-27T13:16:20+00:00\",\"breadcrumb\":{\"@id\":\"https:\\\/\\\/www.reitbauernhof.com\\\/wp-content\\\/uploads\\\/winterurlaub-skiurlaub-grossarl-ski-amade-06.jpg#breadcrumb\"},\"inLanguage\":\"en-US\",\"potentialAction\":[{\"@type\":\"ReadAction\",\"target\":[\"https:\\\/\\\/www.reitbauernhof.com\\\/wp-content\\\/uploads\\\/winterurlaub-skiurlaub-grossarl-ski-amade-06.jpg\"]}]},{\"@type\":\"BreadcrumbList\",\"@id\":\"https:\\\/\\\/www.reitbauernhof.com\\\/wp-content\\\/uploads\\\/winterurlaub-skiurlaub-grossarl-ski-amade-06.jpg#breadcrumb\",\"itemListElement\":[{\"@type\":\"ListItem\",\"position\":1,\"name\":\"Startseite\",\"item\":\"https:\\\/\\\/www.reitbauernhof.com\\\/en\\\/\"},{\"@type\":\"ListItem\",\"position\":2,\"name\":\"Alpine Winter\",\"item\":\"https:\\\/\\\/www.reitbauernhof.com\\\/en\\\/ski-holiday-grossarl-ski-amade\\\/\"},{\"@type\":\"ListItem\",\"position\":3,\"name\":\"Winterurlaub &#038; Skiurlaub in Gro\u00dfarl &#8211; Ski amad\u00e9 &#8211; Reitbauernhof &#8211; Winterwandern\"}]},{\"@type\":\"WebSite\",\"@id\":\"https:\\\/\\\/www.reitbauernhof.com\\\/en\\\/#website\",\"url\":\"https:\\\/\\\/www.reitbauernhof.com\\\/en\\\/\",\"name\":\"Reitbauernhof Gro\u00dfarl\",\"description\":\"Urlaub am Bauernhof in Gro\u00dfarl\",\"potentialAction\":[{\"@type\":\"SearchAction\",\"target\":{\"@type\":\"EntryPoint\",\"urlTemplate\":\"https:\\\/\\\/www.reitbauernhof.com\\\/en\\\/?s={search_term_string}\"},\"query-input\":{\"@type\":\"PropertyValueSpecification\",\"valueRequired\":true,\"valueName\":\"search_term_string\"}}],\"inLanguage\":\"en-US\"}]}<\/script>\n<!-- \/ Yoast SEO plugin. -->","yoast_head_json":{"title":"Winterurlaub & Skiurlaub in Gro\u00dfarl - Ski amad\u00e9 - Reitbauernhof - Winterwandern - Reitbauernhof Gro\u00dfarl","robots":{"index":"index","follow":"follow","max-snippet":"max-snippet:-1","max-image-preview":"max-image-preview:large","max-video-preview":"max-video-preview:-1"},"canonical":"https:\/\/www.reitbauernhof.com\/wp-content\/uploads\/winterurlaub-skiurlaub-grossarl-ski-amade-06.jpg","og_locale":"en_US","og_type":"article","og_title":"Winterurlaub & Skiurlaub in Gro\u00dfarl - Ski amad\u00e9 - Reitbauernhof - Winterwandern - Reitbauernhof Gro\u00dfarl","og_url":"https:\/\/www.reitbauernhof.com\/wp-content\/uploads\/winterurlaub-skiurlaub-grossarl-ski-amade-06.jpg","og_site_name":"Reitbauernhof Gro\u00dfarl","og_image":[{"width":1200,"height":800,"url":"https:\/\/www.reitbauernhof.com\/wp-content\/uploads\/winterurlaub-skiurlaub-grossarl-ski-amade-06.jpg","type":"image\/jpeg"}],"schema":{"@context":"https:\/\/schema.org","@graph":[{"@type":"WebPage","@id":"https:\/\/www.reitbauernhof.com\/wp-content\/uploads\/winterurlaub-skiurlaub-grossarl-ski-amade-06.jpg","url":"https:\/\/www.reitbauernhof.com\/wp-content\/uploads\/winterurlaub-skiurlaub-grossarl-ski-amade-06.jpg","name":"Winterurlaub & Skiurlaub in Gro\u00dfarl - Ski amad\u00e9 - Reitbauernhof - Winterwandern - Reitbauernhof Gro\u00dfarl","isPartOf":{"@id":"https:\/\/www.reitbauernhof.com\/en\/#website"},"datePublished":"2016-09-27T13:16:20+00:00","breadcrumb":{"@id":"https:\/\/www.reitbauernhof.com\/wp-content\/uploads\/winterurlaub-skiurlaub-grossarl-ski-amade-06.jpg#breadcrumb"},"inLanguage":"en-US","potentialAction":[{"@type":"ReadAction","target":["https:\/\/www.reitbauernhof.com\/wp-content\/uploads\/winterurlaub-skiurlaub-grossarl-ski-amade-06.jpg"]}]},{"@type":"BreadcrumbList","@id":"https:\/\/www.reitbauernhof.com\/wp-content\/uploads\/winterurlaub-skiurlaub-grossarl-ski-amade-06.jpg#breadcrumb","itemListElement":[{"@type":"ListItem","position":1,"name":"Startseite","item":"https:\/\/www.reitbauernhof.com\/en\/"},{"@type":"ListItem","position":2,"name":"Alpine Winter","item":"https:\/\/www.reitbauernhof.com\/en\/ski-holiday-grossarl-ski-amade\/"},{"@type":"ListItem","position":3,"name":"Winterurlaub &#038; Skiurlaub in Gro\u00dfarl &#8211; Ski amad\u00e9 &#8211; Reitbauernhof &#8211; Winterwandern"}]},{"@type":"WebSite","@id":"https:\/\/www.reitbauernhof.com\/en\/#website","url":"https:\/\/www.reitbauernhof.com\/en\/","name":"Reitbauernhof Gro\u00dfarl","description":"Urlaub am Bauernhof in Gro\u00dfarl","potentialAction":[{"@type":"SearchAction","target":{"@type":"EntryPoint","urlTemplate":"https:\/\/www.reitbauernhof.com\/en\/?s={search_term_string}"},"query-input":{"@type":"PropertyValueSpecification","valueRequired":true,"valueName":"search_term_string"}}],"inLanguage":"en-US"}]}},"smush":{"stats":{"percent":29.7395731494521413651455077342689037322998046875,"bytes":240313,"size_before":808058,"size_after":567745,"time":2.3300000000000000710542735760100185871124267578125,"api_version":"1.0","lossy":true,"keep_exif":0},"sizes":{"thumbnail":{"percent":31.53999999999999914734871708787977695465087890625,"bytes":5384,"size_before":17070,"size_after":11686,"time":0.070000000000000006661338147750939242541790008544921875},"medium":{"percent":29.5,"bytes":14172,"size_before":48046,"size_after":33874,"time":0.14000000000000001332267629550187848508358001708984375},"medium_large":{"percent":29.07000000000000028421709430404007434844970703125,"bytes":25392,"size_before":87344,"size_after":61952,"time":0.320000000000000006661338147750939242541790008544921875},"large":{"percent":28.309999999999998721023075631819665431976318359375,"bytes":41446,"size_before":146378,"size_after":104932,"time":0.560000000000000053290705182007513940334320068359375},"post-thumbnail":{"percent":29.129999999999999005240169935859739780426025390625,"bytes":25345,"size_before":87013,"size_after":61668,"time":0.2399999999999999911182158029987476766109466552734375},"small":{"percent":29.449999999999999289457264239899814128875732421875,"bytes":7770,"size_before":26386,"size_after":18616,"time":0.11999999999999999555910790149937383830547332763671875},"big":{"percent":27.949999999999999289457264239899814128875732421875,"bytes":49164,"size_before":175896,"size_after":126732,"time":0.419999999999999984456877655247808434069156646728515625},"full":{"percent":32.57000000000000028421709430404007434844970703125,"bytes":71640,"size_before":219925,"size_after":148285,"time":0.460000000000000019984014443252817727625370025634765625}}},"description":{"rendered":"<p class=\"attachment\"><a href='https:\/\/www.reitbauernhof.com\/wp-content\/uploads\/winterurlaub-skiurlaub-grossarl-ski-amade-06.jpg' title=\"\" data-rl_title=\"\" class=\"rl-gallery-link\" data-rl_caption=\"\" data-rel=\"lightbox-gallery-0\"><img decoding=\"async\" width=\"550\" height=\"367\" src=\"https:\/\/www.reitbauernhof.com\/wp-content\/uploads\/winterurlaub-skiurlaub-grossarl-ski-amade-06-550x367.jpg\" class=\"attachment-medium size-medium\" alt=\"\" srcset=\"https:\/\/www.reitbauernhof.com\/wp-content\/uploads\/winterurlaub-skiurlaub-grossarl-ski-amade-06-550x367.jpg 550w, https:\/\/www.reitbauernhof.com\/wp-content\/uploads\/winterurlaub-skiurlaub-grossarl-ski-amade-06-768x512.jpg 768w, https:\/\/www.reitbauernhof.com\/wp-content\/uploads\/winterurlaub-skiurlaub-grossarl-ski-amade-06-1024x683.jpg 1024w, https:\/\/www.reitbauernhof.com\/wp-content\/uploads\/winterurlaub-skiurlaub-grossarl-ski-amade-06-765x510.jpg 765w, https:\/\/www.reitbauernhof.com\/wp-content\/uploads\/winterurlaub-skiurlaub-grossarl-ski-amade-06-390x260.jpg 390w, https:\/\/www.reitbauernhof.com\/wp-content\/uploads\/winterurlaub-skiurlaub-grossarl-ski-amade-06-250x167.jpg 250w, https:\/\/www.reitbauernhof.com\/wp-content\/uploads\/winterurlaub-skiurlaub-grossarl-ski-amade-06-600x400.jpg 600w, https:\/\/www.reitbauernhof.com\/wp-content\/uploads\/winterurlaub-skiurlaub-grossarl-ski-amade-06-1140x760.jpg 1140w, https:\/\/www.reitbauernhof.com\/wp-content\/uploads\/winterurlaub-skiurlaub-grossarl-ski-amade-06.jpg 1200w\" sizes=\"(max-width: 550px) 100vw, 550px\" \/><\/a><\/p>\n"},"caption":{"rendered":"\n<p><a class=\"readmore btn btn-default btn-default btn-block\" href=\"https:\/\/www.reitbauernhof.com\/en\/ski-holiday-grossarl-ski-amade\/winterurlaub-skiurlaub-grossarl-ski-amade-06-2\/\">Read More<\/a><\/p>"},"alt_text":"","media_type":"image","mime_type":"image\/jpeg","media_details":{"width":1200,"height":800,"file":"winterurlaub-skiurlaub-grossarl-ski-amade-06.jpg","sizes":{"thumbnail":{"file":"winterurlaub-skiurlaub-grossarl-ski-amade-06-250x250.jpg","width":250,"height":250,"mime_type":"image\/jpeg","source_url":"https:\/\/www.reitbauernhof.com\/wp-content\/uploads\/winterurlaub-skiurlaub-grossarl-ski-amade-06-250x250.jpg"},"medium":{"file":"winterurlaub-skiurlaub-grossarl-ski-amade-06-550x367.jpg","width":550,"height":367,"mime_type":"image\/jpeg","source_url":"https:\/\/www.reitbauernhof.com\/wp-content\/uploads\/winterurlaub-skiurlaub-grossarl-ski-amade-06-550x367.jpg"},"medium_large":{"file":"winterurlaub-skiurlaub-grossarl-ski-amade-06-768x512.jpg","width":768,"height":512,"mime_type":"image\/jpeg","source_url":"https:\/\/www.reitbauernhof.com\/wp-content\/uploads\/winterurlaub-skiurlaub-grossarl-ski-amade-06-768x512.jpg"},"large":{"file":"winterurlaub-skiurlaub-grossarl-ski-amade-06-1024x683.jpg","width":1024,"height":683,"mime_type":"image\/jpeg","source_url":"https:\/\/www.reitbauernhof.com\/wp-content\/uploads\/winterurlaub-skiurlaub-grossarl-ski-amade-06-1024x683.jpg"},"post-thumbnail":{"file":"winterurlaub-skiurlaub-grossarl-ski-amade-06-765x510.jpg","width":765,"height":510,"mime_type":"image\/jpeg","source_url":"https:\/\/www.reitbauernhof.com\/wp-content\/uploads\/winterurlaub-skiurlaub-grossarl-ski-amade-06-765x510.jpg"},"small":{"file":"winterurlaub-skiurlaub-grossarl-ski-amade-06-390x260.jpg","width":390,"height":260,"mime_type":"image\/jpeg","source_url":"https:\/\/www.reitbauernhof.com\/wp-content\/uploads\/winterurlaub-skiurlaub-grossarl-ski-amade-06-390x260.jpg"},"port-thumb":{"file":"winterurlaub-skiurlaub-grossarl-ski-amade-06-250x167.jpg","width":250,"height":167,"mime_type":"image\/jpeg","source_url":"https:\/\/www.reitbauernhof.com\/wp-content\/uploads\/winterurlaub-skiurlaub-grossarl-ski-amade-06-250x167.jpg"},"port-full":{"file":"winterurlaub-skiurlaub-grossarl-ski-amade-06-600x400.jpg","width":600,"height":400,"mime_type":"image\/jpeg","source_url":"https:\/\/www.reitbauernhof.com\/wp-content\/uploads\/winterurlaub-skiurlaub-grossarl-ski-amade-06-600x400.jpg"},"big":{"file":"winterurlaub-skiurlaub-grossarl-ski-amade-06-1140x760.jpg","width":1140,"height":760,"mime_type":"image\/jpeg","source_url":"https:\/\/www.reitbauernhof.com\/wp-content\/uploads\/winterurlaub-skiurlaub-grossarl-ski-amade-06-1140x760.jpg"},"full":{"file":"winterurlaub-skiurlaub-grossarl-ski-amade-06.jpg","width":1200,"height":800,"mime_type":"image\/jpeg","source_url":"https:\/\/www.reitbauernhof.com\/wp-content\/uploads\/winterurlaub-skiurlaub-grossarl-ski-amade-06.jpg"}},"image_meta":{"aperture":"0","credit":"","camera":"","caption":"","created_timestamp":"0","copyright":"","focal_length":"0","iso":"0","shutter_speed":"0","title":"","orientation":"0","keywords":[]}},"post":1248,"source_url":"https:\/\/www.reitbauernhof.com\/wp-content\/uploads\/winterurlaub-skiurlaub-grossarl-ski-amade-06.jpg","_links":{"self":[{"href":"https:\/\/www.reitbauernhof.com\/en\/wp-json\/wp\/v2\/media\/1253","targetHints":{"allow":["GET"]}}],"collection":[{"href":"https:\/\/www.reitbauernhof.com\/en\/wp-json\/wp\/v2\/media"}],"about":[{"href":"https:\/\/www.reitbauernhof.com\/en\/wp-json\/wp\/v2\/types\/attachment"}],"author":[{"embeddable":true,"href":"https:\/\/www.reitbauernhof.com\/en\/wp-json\/wp\/v2\/users\/1"}],"wp:attached-to":[{"embeddable":true,"post_type":"page","id":1248,"href":"https:\/\/www.reitbauernhof.com\/en\/wp-json\/wp\/v2\/pages\/1248"}],"curies":[{"name":"wp","href":"https:\/\/api.w.org\/{rel}","templated":true}]}}