{"id":1256,"date":"2016-09-27T15:16:24","date_gmt":"2016-09-27T13:16:24","guid":{"rendered":"http:\/\/reitbauernhof.com.w015030a.kasserver.com\/wp-content\/uploads\/winterurlaub-skiurlaub-grossarl-ski-amade-09.jpg"},"modified":"2016-09-27T15:16:24","modified_gmt":"2016-09-27T13:16:24","slug":"winterurlaub-skiurlaub-grossarl-ski-amade-09-2","status":"inherit","type":"attachment","link":"https:\/\/www.reitbauernhof.com\/en\/ski-holiday-grossarl-ski-amade\/winterurlaub-skiurlaub-grossarl-ski-amade-09-2\/","title":{"rendered":"Winterurlaub &#038; SkiurlauWinterurlaub &#038; Skiurlaub in Gro\u00dfarl &#8211; Ski amad\u00e9 &#8211; Reitbauernhof &#8211; Skitouren gehen in Gro\u00dfarl &#8211; Ski amad\u00e9 &#8211; Reitbauernhof &#8211; Snowboarden"},"author":1,"featured_media":0,"comment_status":"closed","ping_status":"closed","template":"","meta":[],"class_list":["post-1256","attachment","type-attachment","status-inherit","hentry"],"yoast_head":"<!-- This site is optimized with the Yoast SEO plugin v27.4 - https:\/\/yoast.com\/product\/yoast-seo-wordpress\/ -->\n<title>Winterurlaub &amp; SkiurlauWinterurlaub &amp; Skiurlaub in Gro\u00dfarl - Ski amad\u00e9 - Reitbauernhof - Skitouren gehen in Gro\u00dfarl - Ski amad\u00e9 - Reitbauernhof - Snowboarden - Reitbauernhof Gro\u00dfarl<\/title>\n<meta name=\"robots\" content=\"index, follow, max-snippet:-1, max-image-preview:large, max-video-preview:-1\" \/>\n<link rel=\"canonical\" href=\"https:\/\/www.reitbauernhof.com\/wp-content\/uploads\/winterurlaub-skiurlaub-grossarl-ski-amade-09.jpg\" \/>\n<meta property=\"og:locale\" content=\"en_US\" \/>\n<meta property=\"og:type\" content=\"article\" \/>\n<meta property=\"og:title\" content=\"Winterurlaub &amp; SkiurlauWinterurlaub &amp; Skiurlaub in Gro\u00dfarl - Ski amad\u00e9 - Reitbauernhof - Skitouren gehen in Gro\u00dfarl - Ski amad\u00e9 - Reitbauernhof - Snowboarden - Reitbauernhof Gro\u00dfarl\" \/>\n<meta property=\"og:url\" content=\"https:\/\/www.reitbauernhof.com\/wp-content\/uploads\/winterurlaub-skiurlaub-grossarl-ski-amade-09.jpg\" \/>\n<meta property=\"og:site_name\" content=\"Reitbauernhof Gro\u00dfarl\" \/>\n<meta property=\"og:image\" content=\"https:\/\/www.reitbauernhof.com\/wp-content\/uploads\/winterurlaub-skiurlaub-grossarl-ski-amade-09.jpg\" \/>\n\t<meta property=\"og:image:width\" content=\"1200\" \/>\n\t<meta property=\"og:image:height\" content=\"800\" \/>\n\t<meta property=\"og:image:type\" content=\"image\/jpeg\" \/>\n<script type=\"application\/ld+json\" class=\"yoast-schema-graph\">{\"@context\":\"https:\\\/\\\/schema.org\",\"@graph\":[{\"@type\":\"WebPage\",\"@id\":\"https:\\\/\\\/www.reitbauernhof.com\\\/wp-content\\\/uploads\\\/winterurlaub-skiurlaub-grossarl-ski-amade-09.jpg\",\"url\":\"https:\\\/\\\/www.reitbauernhof.com\\\/wp-content\\\/uploads\\\/winterurlaub-skiurlaub-grossarl-ski-amade-09.jpg\",\"name\":\"Winterurlaub & SkiurlauWinterurlaub & Skiurlaub in Gro\u00dfarl - Ski amad\u00e9 - Reitbauernhof - Skitouren gehen in Gro\u00dfarl - Ski amad\u00e9 - Reitbauernhof - Snowboarden - Reitbauernhof Gro\u00dfarl\",\"isPartOf\":{\"@id\":\"https:\\\/\\\/www.reitbauernhof.com\\\/en\\\/#website\"},\"datePublished\":\"2016-09-27T13:16:24+00:00\",\"breadcrumb\":{\"@id\":\"https:\\\/\\\/www.reitbauernhof.com\\\/wp-content\\\/uploads\\\/winterurlaub-skiurlaub-grossarl-ski-amade-09.jpg#breadcrumb\"},\"inLanguage\":\"en-US\",\"potentialAction\":[{\"@type\":\"ReadAction\",\"target\":[\"https:\\\/\\\/www.reitbauernhof.com\\\/wp-content\\\/uploads\\\/winterurlaub-skiurlaub-grossarl-ski-amade-09.jpg\"]}]},{\"@type\":\"BreadcrumbList\",\"@id\":\"https:\\\/\\\/www.reitbauernhof.com\\\/wp-content\\\/uploads\\\/winterurlaub-skiurlaub-grossarl-ski-amade-09.jpg#breadcrumb\",\"itemListElement\":[{\"@type\":\"ListItem\",\"position\":1,\"name\":\"Startseite\",\"item\":\"https:\\\/\\\/www.reitbauernhof.com\\\/en\\\/\"},{\"@type\":\"ListItem\",\"position\":2,\"name\":\"Alpine Winter\",\"item\":\"https:\\\/\\\/www.reitbauernhof.com\\\/en\\\/ski-holiday-grossarl-ski-amade\\\/\"},{\"@type\":\"ListItem\",\"position\":3,\"name\":\"Winterurlaub &#038; SkiurlauWinterurlaub &#038; Skiurlaub in Gro\u00dfarl &#8211; Ski amad\u00e9 &#8211; Reitbauernhof &#8211; Skitouren gehen in Gro\u00dfarl &#8211; Ski amad\u00e9 &#8211; Reitbauernhof &#8211; Snowboarden\"}]},{\"@type\":\"WebSite\",\"@id\":\"https:\\\/\\\/www.reitbauernhof.com\\\/en\\\/#website\",\"url\":\"https:\\\/\\\/www.reitbauernhof.com\\\/en\\\/\",\"name\":\"Reitbauernhof Gro\u00dfarl\",\"description\":\"Urlaub am Bauernhof in Gro\u00dfarl\",\"potentialAction\":[{\"@type\":\"SearchAction\",\"target\":{\"@type\":\"EntryPoint\",\"urlTemplate\":\"https:\\\/\\\/www.reitbauernhof.com\\\/en\\\/?s={search_term_string}\"},\"query-input\":{\"@type\":\"PropertyValueSpecification\",\"valueRequired\":true,\"valueName\":\"search_term_string\"}}],\"inLanguage\":\"en-US\"}]}<\/script>\n<!-- \/ Yoast SEO plugin. -->","yoast_head_json":{"title":"Winterurlaub & SkiurlauWinterurlaub & Skiurlaub in Gro\u00dfarl - Ski amad\u00e9 - Reitbauernhof - Skitouren gehen in Gro\u00dfarl - Ski amad\u00e9 - Reitbauernhof - Snowboarden - Reitbauernhof Gro\u00dfarl","robots":{"index":"index","follow":"follow","max-snippet":"max-snippet:-1","max-image-preview":"max-image-preview:large","max-video-preview":"max-video-preview:-1"},"canonical":"https:\/\/www.reitbauernhof.com\/wp-content\/uploads\/winterurlaub-skiurlaub-grossarl-ski-amade-09.jpg","og_locale":"en_US","og_type":"article","og_title":"Winterurlaub & SkiurlauWinterurlaub & Skiurlaub in Gro\u00dfarl - Ski amad\u00e9 - Reitbauernhof - Skitouren gehen in Gro\u00dfarl - Ski amad\u00e9 - Reitbauernhof - Snowboarden - Reitbauernhof Gro\u00dfarl","og_url":"https:\/\/www.reitbauernhof.com\/wp-content\/uploads\/winterurlaub-skiurlaub-grossarl-ski-amade-09.jpg","og_site_name":"Reitbauernhof Gro\u00dfarl","og_image":[{"width":1200,"height":800,"url":"https:\/\/www.reitbauernhof.com\/wp-content\/uploads\/winterurlaub-skiurlaub-grossarl-ski-amade-09.jpg","type":"image\/jpeg"}],"schema":{"@context":"https:\/\/schema.org","@graph":[{"@type":"WebPage","@id":"https:\/\/www.reitbauernhof.com\/wp-content\/uploads\/winterurlaub-skiurlaub-grossarl-ski-amade-09.jpg","url":"https:\/\/www.reitbauernhof.com\/wp-content\/uploads\/winterurlaub-skiurlaub-grossarl-ski-amade-09.jpg","name":"Winterurlaub & SkiurlauWinterurlaub & Skiurlaub in Gro\u00dfarl - Ski amad\u00e9 - Reitbauernhof - Skitouren gehen in Gro\u00dfarl - Ski amad\u00e9 - Reitbauernhof - Snowboarden - Reitbauernhof Gro\u00dfarl","isPartOf":{"@id":"https:\/\/www.reitbauernhof.com\/en\/#website"},"datePublished":"2016-09-27T13:16:24+00:00","breadcrumb":{"@id":"https:\/\/www.reitbauernhof.com\/wp-content\/uploads\/winterurlaub-skiurlaub-grossarl-ski-amade-09.jpg#breadcrumb"},"inLanguage":"en-US","potentialAction":[{"@type":"ReadAction","target":["https:\/\/www.reitbauernhof.com\/wp-content\/uploads\/winterurlaub-skiurlaub-grossarl-ski-amade-09.jpg"]}]},{"@type":"BreadcrumbList","@id":"https:\/\/www.reitbauernhof.com\/wp-content\/uploads\/winterurlaub-skiurlaub-grossarl-ski-amade-09.jpg#breadcrumb","itemListElement":[{"@type":"ListItem","position":1,"name":"Startseite","item":"https:\/\/www.reitbauernhof.com\/en\/"},{"@type":"ListItem","position":2,"name":"Alpine Winter","item":"https:\/\/www.reitbauernhof.com\/en\/ski-holiday-grossarl-ski-amade\/"},{"@type":"ListItem","position":3,"name":"Winterurlaub &#038; SkiurlauWinterurlaub &#038; Skiurlaub in Gro\u00dfarl &#8211; Ski amad\u00e9 &#8211; Reitbauernhof &#8211; Skitouren gehen in Gro\u00dfarl &#8211; Ski amad\u00e9 &#8211; Reitbauernhof &#8211; Snowboarden"}]},{"@type":"WebSite","@id":"https:\/\/www.reitbauernhof.com\/en\/#website","url":"https:\/\/www.reitbauernhof.com\/en\/","name":"Reitbauernhof Gro\u00dfarl","description":"Urlaub am Bauernhof in Gro\u00dfarl","potentialAction":[{"@type":"SearchAction","target":{"@type":"EntryPoint","urlTemplate":"https:\/\/www.reitbauernhof.com\/en\/?s={search_term_string}"},"query-input":{"@type":"PropertyValueSpecification","valueRequired":true,"valueName":"search_term_string"}}],"inLanguage":"en-US"}]}},"smush":{"stats":{"percent":30.63028127400578881633919081650674343109130859375,"bytes":248811,"size_before":812304,"size_after":563493,"time":2.560000000000000053290705182007513940334320068359375,"api_version":"1.0","lossy":true,"keep_exif":0},"sizes":{"thumbnail":{"percent":32.340000000000003410605131648480892181396484375,"bytes":5900,"size_before":18243,"size_after":12343,"time":0.059999999999999997779553950749686919152736663818359375},"medium":{"percent":30.719999999999998863131622783839702606201171875,"bytes":14602,"size_before":47529,"size_after":32927,"time":0.13000000000000000444089209850062616169452667236328125},"medium_large":{"percent":29.9200000000000017053025658242404460906982421875,"bytes":26132,"size_before":87343,"size_after":61211,"time":0.190000000000000002220446049250313080847263336181640625},"large":{"percent":29.800000000000000710542735760100185871124267578125,"bytes":44276,"size_before":148572,"size_after":104296,"time":0.4899999999999999911182158029987476766109466552734375},"post-thumbnail":{"percent":30.17999999999999971578290569595992565155029296875,"bytes":26357,"size_before":87336,"size_after":60979,"time":0.289999999999999980015985556747182272374629974365234375},"small":{"percent":31.1700000000000017053025658242404460906982421875,"bytes":8109,"size_before":26013,"size_after":17904,"time":0.08000000000000000166533453693773481063544750213623046875},"big":{"percent":29.230000000000000426325641456060111522674560546875,"bytes":52082,"size_before":178197,"size_after":126115,"time":0.5500000000000000444089209850062616169452667236328125},"full":{"percent":32.57000000000000028421709430404007434844970703125,"bytes":71353,"size_before":219071,"size_after":147718,"time":0.770000000000000017763568394002504646778106689453125}}},"description":{"rendered":"<p class=\"attachment\"><a href='https:\/\/www.reitbauernhof.com\/wp-content\/uploads\/winterurlaub-skiurlaub-grossarl-ski-amade-09.jpg' title=\"\" data-rl_title=\"\" class=\"rl-gallery-link\" data-rl_caption=\"\" data-rel=\"lightbox-gallery-0\"><img decoding=\"async\" width=\"550\" height=\"367\" src=\"https:\/\/www.reitbauernhof.com\/wp-content\/uploads\/winterurlaub-skiurlaub-grossarl-ski-amade-09-550x367.jpg\" class=\"attachment-medium size-medium\" alt=\"\" srcset=\"https:\/\/www.reitbauernhof.com\/wp-content\/uploads\/winterurlaub-skiurlaub-grossarl-ski-amade-09-550x367.jpg 550w, https:\/\/www.reitbauernhof.com\/wp-content\/uploads\/winterurlaub-skiurlaub-grossarl-ski-amade-09-768x512.jpg 768w, https:\/\/www.reitbauernhof.com\/wp-content\/uploads\/winterurlaub-skiurlaub-grossarl-ski-amade-09-1024x683.jpg 1024w, https:\/\/www.reitbauernhof.com\/wp-content\/uploads\/winterurlaub-skiurlaub-grossarl-ski-amade-09-765x510.jpg 765w, https:\/\/www.reitbauernhof.com\/wp-content\/uploads\/winterurlaub-skiurlaub-grossarl-ski-amade-09-390x260.jpg 390w, https:\/\/www.reitbauernhof.com\/wp-content\/uploads\/winterurlaub-skiurlaub-grossarl-ski-amade-09-250x167.jpg 250w, https:\/\/www.reitbauernhof.com\/wp-content\/uploads\/winterurlaub-skiurlaub-grossarl-ski-amade-09-600x400.jpg 600w, https:\/\/www.reitbauernhof.com\/wp-content\/uploads\/winterurlaub-skiurlaub-grossarl-ski-amade-09-1140x760.jpg 1140w, https:\/\/www.reitbauernhof.com\/wp-content\/uploads\/winterurlaub-skiurlaub-grossarl-ski-amade-09.jpg 1200w\" sizes=\"(max-width: 550px) 100vw, 550px\" \/><\/a><\/p>\n"},"caption":{"rendered":"\n<p><a class=\"readmore btn btn-default btn-default btn-block\" href=\"https:\/\/www.reitbauernhof.com\/en\/ski-holiday-grossarl-ski-amade\/winterurlaub-skiurlaub-grossarl-ski-amade-09-2\/\">Read More<\/a><\/p>"},"alt_text":"","media_type":"image","mime_type":"image\/jpeg","media_details":{"width":1200,"height":800,"file":"winterurlaub-skiurlaub-grossarl-ski-amade-09.jpg","sizes":{"thumbnail":{"file":"winterurlaub-skiurlaub-grossarl-ski-amade-09-250x250.jpg","width":250,"height":250,"mime_type":"image\/jpeg","source_url":"https:\/\/www.reitbauernhof.com\/wp-content\/uploads\/winterurlaub-skiurlaub-grossarl-ski-amade-09-250x250.jpg"},"medium":{"file":"winterurlaub-skiurlaub-grossarl-ski-amade-09-550x367.jpg","width":550,"height":367,"mime_type":"image\/jpeg","source_url":"https:\/\/www.reitbauernhof.com\/wp-content\/uploads\/winterurlaub-skiurlaub-grossarl-ski-amade-09-550x367.jpg"},"medium_large":{"file":"winterurlaub-skiurlaub-grossarl-ski-amade-09-768x512.jpg","width":768,"height":512,"mime_type":"image\/jpeg","source_url":"https:\/\/www.reitbauernhof.com\/wp-content\/uploads\/winterurlaub-skiurlaub-grossarl-ski-amade-09-768x512.jpg"},"large":{"file":"winterurlaub-skiurlaub-grossarl-ski-amade-09-1024x683.jpg","width":1024,"height":683,"mime_type":"image\/jpeg","source_url":"https:\/\/www.reitbauernhof.com\/wp-content\/uploads\/winterurlaub-skiurlaub-grossarl-ski-amade-09-1024x683.jpg"},"post-thumbnail":{"file":"winterurlaub-skiurlaub-grossarl-ski-amade-09-765x510.jpg","width":765,"height":510,"mime_type":"image\/jpeg","source_url":"https:\/\/www.reitbauernhof.com\/wp-content\/uploads\/winterurlaub-skiurlaub-grossarl-ski-amade-09-765x510.jpg"},"small":{"file":"winterurlaub-skiurlaub-grossarl-ski-amade-09-390x260.jpg","width":390,"height":260,"mime_type":"image\/jpeg","source_url":"https:\/\/www.reitbauernhof.com\/wp-content\/uploads\/winterurlaub-skiurlaub-grossarl-ski-amade-09-390x260.jpg"},"port-thumb":{"file":"winterurlaub-skiurlaub-grossarl-ski-amade-09-250x167.jpg","width":250,"height":167,"mime_type":"image\/jpeg","source_url":"https:\/\/www.reitbauernhof.com\/wp-content\/uploads\/winterurlaub-skiurlaub-grossarl-ski-amade-09-250x167.jpg"},"port-full":{"file":"winterurlaub-skiurlaub-grossarl-ski-amade-09-600x400.jpg","width":600,"height":400,"mime_type":"image\/jpeg","source_url":"https:\/\/www.reitbauernhof.com\/wp-content\/uploads\/winterurlaub-skiurlaub-grossarl-ski-amade-09-600x400.jpg"},"big":{"file":"winterurlaub-skiurlaub-grossarl-ski-amade-09-1140x760.jpg","width":1140,"height":760,"mime_type":"image\/jpeg","source_url":"https:\/\/www.reitbauernhof.com\/wp-content\/uploads\/winterurlaub-skiurlaub-grossarl-ski-amade-09-1140x760.jpg"},"full":{"file":"winterurlaub-skiurlaub-grossarl-ski-amade-09.jpg","width":1200,"height":800,"mime_type":"image\/jpeg","source_url":"https:\/\/www.reitbauernhof.com\/wp-content\/uploads\/winterurlaub-skiurlaub-grossarl-ski-amade-09.jpg"}},"image_meta":{"aperture":"0","credit":"","camera":"","caption":"","created_timestamp":"0","copyright":"","focal_length":"0","iso":"0","shutter_speed":"0","title":"","orientation":"0","keywords":[]}},"post":1248,"source_url":"https:\/\/www.reitbauernhof.com\/wp-content\/uploads\/winterurlaub-skiurlaub-grossarl-ski-amade-09.jpg","_links":{"self":[{"href":"https:\/\/www.reitbauernhof.com\/en\/wp-json\/wp\/v2\/media\/1256","targetHints":{"allow":["GET"]}}],"collection":[{"href":"https:\/\/www.reitbauernhof.com\/en\/wp-json\/wp\/v2\/media"}],"about":[{"href":"https:\/\/www.reitbauernhof.com\/en\/wp-json\/wp\/v2\/types\/attachment"}],"author":[{"embeddable":true,"href":"https:\/\/www.reitbauernhof.com\/en\/wp-json\/wp\/v2\/users\/1"}],"wp:attached-to":[{"embeddable":true,"post_type":"page","id":1248,"href":"https:\/\/www.reitbauernhof.com\/en\/wp-json\/wp\/v2\/pages\/1248"}],"curies":[{"name":"wp","href":"https:\/\/api.w.org\/{rel}","templated":true}]}}